{"id":45421,"date":"2023-08-03T12:04:22","date_gmt":"2023-08-03T10:04:22","guid":{"rendered":"https:\/\/www.gaucatering.com\/?page_id=45421"},"modified":"2026-01-15T15:54:29","modified_gmt":"2026-01-15T14:54:29","slug":"catering-responsable","status":"publish","type":"page","link":"https:\/\/www.gaucatering.com\/ca\/catering-responsable-cat","title":{"rendered":"C\u00e0tering responsable"},"content":{"rendered":"\t\t<div data-elementor-type=\"wp-page\" data-elementor-id=\"45421\" class=\"elementor elementor-45421\" data-elementor-post-type=\"page\">\n\t\t\t\t\t\t<section class=\"elementor-section elementor-top-section elementor-element elementor-element-b3926f1 elementor-section-full_width elementor-section-height-min-height elementor-section-items-stretch elementor-reverse-mobile elementor-section-height-default\" data-id=\"b3926f1\" data-element_type=\"section\" data-e-type=\"section\">\n\t\t\t\t\t\t<div class=\"elementor-container elementor-column-gap-no\">\n\t\t\t\t\t<div class=\"elementor-column elementor-col-50 elementor-top-column elementor-element elementor-element-78e4c76\" data-id=\"78e4c76\" data-element_type=\"column\" data-e-type=\"column\">\n\t\t\t<div class=\"elementor-widget-wrap elementor-element-populated\">\n\t\t\t\t\t\t<div class=\"elementor-element elementor-element-632d175 elementor-widget-tablet__width-inherit elementor-widget elementor-widget-heading\" data-id=\"632d175\" data-element_type=\"widget\" data-e-type=\"widget\" data-widget_type=\"heading.default\">\n\t\t\t\t<div class=\"elementor-widget-container\">\n\t\t\t\t\t<h1 class=\"elementor-heading-title elementor-size-default\">C\u00e0tering responsable<\/h1>\t\t\t\t<\/div>\n\t\t\t\t<\/div>\n\t\t\t\t<div class=\"elementor-element elementor-element-d3673b9 elementor-hidden-mobile elementor-widget-divider--view-line elementor-widget elementor-widget-divider\" data-id=\"d3673b9\" data-element_type=\"widget\" data-e-type=\"widget\" data-widget_type=\"divider.default\">\n\t\t\t\t<div class=\"elementor-widget-container\">\n\t\t\t\t\t\t\t<div class=\"elementor-divider\">\n\t\t\t<span class=\"elementor-divider-separator\">\n\t\t\t\t\t\t<\/span>\n\t\t<\/div>\n\t\t\t\t\t\t<\/div>\n\t\t\t\t<\/div>\n\t\t\t\t<div class=\"elementor-element elementor-element-0a0e5b7 elementor-widget-tablet__width-inherit elementor-widget elementor-widget-heading\" data-id=\"0a0e5b7\" data-element_type=\"widget\" data-e-type=\"widget\" data-widget_type=\"heading.default\">\n\t\t\t\t<div class=\"elementor-widget-container\">\n\t\t\t\t\t<h2 class=\"elementor-heading-title elementor-size-default\">A GAU C\u00e0tering reconeixem i assumim la responsabilitat del nostre impacte social, econ\u00f2mic i ambiental.<\/h2>\t\t\t\t<\/div>\n\t\t\t\t<\/div>\n\t\t\t\t<div class=\"elementor-element elementor-element-c6141a3 elementor-widget-tablet__width-inherit elementor-widget elementor-widget-text-editor\" data-id=\"c6141a3\" data-element_type=\"widget\" data-e-type=\"widget\" data-widget_type=\"text-editor.default\">\n\t\t\t\t<div class=\"elementor-widget-container\">\n\t\t\t\t\t\t\t\t\t<p>L&#8217;adopci\u00f3 d&#8217;est\u00e0ndards \u00e8tics i morals en la productivitat \u00e9s essencial per a garantir que l&#8217;empresa no nom\u00e9s aconsegueixi els seus objectius comercials, sin\u00f3 que tamb\u00e9 contribueixi positivament al seu entorn. <b>Algunes de les accions que GAU C\u00e0tering incorpora<\/b> per a generar un impacte positiu s\u00f3n:<\/p>\t\t\t\t\t\t\t\t<\/div>\n\t\t\t\t<\/div>\n\t\t\t\t\t<\/div>\n\t\t<\/div>\n\t\t\t\t<div class=\"elementor-column elementor-col-50 elementor-top-column elementor-element elementor-element-eccbc04\" data-id=\"eccbc04\" data-element_type=\"column\" data-e-type=\"column\" data-settings=\"{&quot;background_background&quot;:&quot;classic&quot;}\">\n\t\t\t<div class=\"elementor-widget-wrap elementor-element-populated\">\n\t\t\t\t\t\t<div class=\"elementor-element elementor-element-67a5cc9 elementor-widget elementor-widget-spacer\" data-id=\"67a5cc9\" data-element_type=\"widget\" data-e-type=\"widget\" data-widget_type=\"spacer.default\">\n\t\t\t\t<div class=\"elementor-widget-container\">\n\t\t\t\t\t\t\t<div class=\"elementor-spacer\">\n\t\t\t<div class=\"elementor-spacer-inner\"><\/div>\n\t\t<\/div>\n\t\t\t\t\t\t<\/div>\n\t\t\t\t<\/div>\n\t\t\t\t\t<\/div>\n\t\t<\/div>\n\t\t\t\t\t<\/div>\n\t\t<\/section>\n\t\t\t\t<section class=\"elementor-section elementor-top-section elementor-element elementor-element-a5f6f78 elementor-section-boxed elementor-section-height-default elementor-section-height-default\" data-id=\"a5f6f78\" data-element_type=\"section\" data-e-type=\"section\" data-settings=\"{&quot;background_background&quot;:&quot;classic&quot;}\">\n\t\t\t\t\t\t<div class=\"elementor-container elementor-column-gap-wider\">\n\t\t\t\t\t<div class=\"elementor-column elementor-col-33 elementor-top-column elementor-element elementor-element-0426f91\" data-id=\"0426f91\" data-element_type=\"column\" data-e-type=\"column\">\n\t\t\t<div class=\"elementor-widget-wrap elementor-element-populated\">\n\t\t\t\t\t\t<div class=\"elementor-element elementor-element-54abafe elementor-widget elementor-widget-heading\" data-id=\"54abafe\" data-element_type=\"widget\" data-e-type=\"widget\" data-widget_type=\"heading.default\">\n\t\t\t\t<div class=\"elementor-widget-container\">\n\t\t\t\t\t<h5 class=\"elementor-heading-title elementor-size-default\">Fomentem<\/h5>\t\t\t\t<\/div>\n\t\t\t\t<\/div>\n\t\t\t\t<div class=\"elementor-element elementor-element-16424c8 elementor-widget elementor-widget-text-editor\" data-id=\"16424c8\" data-element_type=\"widget\" data-e-type=\"widget\" data-widget_type=\"text-editor.default\">\n\t\t\t\t<div class=\"elementor-widget-container\">\n\t\t\t\t\t\t\t\t\tLa igualtat i la diversitat a l&#8217;empresa. Promovem la igualtat d&#8217;oportunitats, el respecte i la inclusi\u00f3 en el lloc de treball.\t\t\t\t\t\t\t\t<\/div>\n\t\t\t\t<\/div>\n\t\t\t\t\t<\/div>\n\t\t<\/div>\n\t\t\t\t<div class=\"elementor-column elementor-col-33 elementor-top-column elementor-element elementor-element-9a6b4db\" data-id=\"9a6b4db\" data-element_type=\"column\" data-e-type=\"column\">\n\t\t\t<div class=\"elementor-widget-wrap elementor-element-populated\">\n\t\t\t\t\t\t<div class=\"elementor-element elementor-element-c1e8d09 elementor-widget elementor-widget-heading\" data-id=\"c1e8d09\" data-element_type=\"widget\" data-e-type=\"widget\" data-widget_type=\"heading.default\">\n\t\t\t\t<div class=\"elementor-widget-container\">\n\t\t\t\t\t<h5 class=\"elementor-heading-title elementor-size-default\">Consciencem<\/h5>\t\t\t\t<\/div>\n\t\t\t\t<\/div>\n\t\t\t\t<div class=\"elementor-element elementor-element-423a843 elementor-widget elementor-widget-text-editor\" data-id=\"423a843\" data-element_type=\"widget\" data-e-type=\"widget\" data-widget_type=\"text-editor.default\">\n\t\t\t\t<div class=\"elementor-widget-container\">\n\t\t\t\t\t\t\t\t\tI sensibilitzem mitjan\u00e7ant xerrades i cursos per fomentar una cultura de sostenibilitat entre empleats, prove\u00efdors i clients.\t\t\t\t\t\t\t\t<\/div>\n\t\t\t\t<\/div>\n\t\t\t\t\t<\/div>\n\t\t<\/div>\n\t\t\t\t<div class=\"elementor-column elementor-col-33 elementor-top-column elementor-element elementor-element-f84df2f\" data-id=\"f84df2f\" data-element_type=\"column\" data-e-type=\"column\">\n\t\t\t<div class=\"elementor-widget-wrap elementor-element-populated\">\n\t\t\t\t\t\t<div class=\"elementor-element elementor-element-eb8876a elementor-widget elementor-widget-heading\" data-id=\"eb8876a\" data-element_type=\"widget\" data-e-type=\"widget\" data-widget_type=\"heading.default\">\n\t\t\t\t<div class=\"elementor-widget-container\">\n\t\t\t\t\t<h5 class=\"elementor-heading-title elementor-size-default\">Investiguem<\/h5>\t\t\t\t<\/div>\n\t\t\t\t<\/div>\n\t\t\t\t<div class=\"elementor-element elementor-element-4102daa elementor-widget elementor-widget-text-editor\" data-id=\"4102daa\" data-element_type=\"widget\" data-e-type=\"widget\" data-widget_type=\"text-editor.default\">\n\t\t\t\t<div class=\"elementor-widget-container\">\n\t\t\t\t\t\t\t\t\tI apliquem accions de millora a les instal\u00b7lacions, demostrant un comprom\u00eds continu amb l&#8217;efici\u00e8ncia operativa i amb la reducci\u00f3 de l&#8217;impacte ambiental\t\t\t\t\t\t\t\t<\/div>\n\t\t\t\t<\/div>\n\t\t\t\t\t<\/div>\n\t\t<\/div>\n\t\t\t\t\t<\/div>\n\t\t<\/section>\n\t\t\t\t<section class=\"elementor-section elementor-top-section elementor-element elementor-element-33b2f11 elementor-section-boxed elementor-section-height-default elementor-section-height-default\" data-id=\"33b2f11\" data-element_type=\"section\" data-e-type=\"section\" data-settings=\"{&quot;background_background&quot;:&quot;classic&quot;}\">\n\t\t\t\t\t\t<div class=\"elementor-container elementor-column-gap-wider\">\n\t\t\t\t\t<div class=\"elementor-column elementor-col-33 elementor-top-column elementor-element elementor-element-e957a09\" data-id=\"e957a09\" data-element_type=\"column\" data-e-type=\"column\">\n\t\t\t<div class=\"elementor-widget-wrap elementor-element-populated\">\n\t\t\t\t\t\t<div class=\"elementor-element elementor-element-b37dccd elementor-widget elementor-widget-heading\" data-id=\"b37dccd\" data-element_type=\"widget\" data-e-type=\"widget\" data-widget_type=\"heading.default\">\n\t\t\t\t<div class=\"elementor-widget-container\">\n\t\t\t\t\t<h5 class=\"elementor-heading-title elementor-size-default\">Comuniquem<\/h5>\t\t\t\t<\/div>\n\t\t\t\t<\/div>\n\t\t\t\t<div class=\"elementor-element elementor-element-6a03f46 elementor-widget elementor-widget-text-editor\" data-id=\"6a03f46\" data-element_type=\"widget\" data-e-type=\"widget\" data-widget_type=\"text-editor.default\">\n\t\t\t\t<div class=\"elementor-widget-container\">\n\t\t\t\t\t\t\t\t\tLes accions i assoliments en sostenibilitat a empleats, clients i altres grups d&#8217;inter\u00e8s. Aix\u00f2 no nom\u00e9s ajuda a construir una imatge positiva de l&#8217;empresa, sin\u00f3 que tamb\u00e9 pret\u00e9n inspirar a uns altres a prendre mesures similars.\t\t\t\t\t\t\t\t<\/div>\n\t\t\t\t<\/div>\n\t\t\t\t\t<\/div>\n\t\t<\/div>\n\t\t\t\t<div class=\"elementor-column elementor-col-33 elementor-top-column elementor-element elementor-element-c8c2ea2\" data-id=\"c8c2ea2\" data-element_type=\"column\" data-e-type=\"column\">\n\t\t\t<div class=\"elementor-widget-wrap elementor-element-populated\">\n\t\t\t\t\t\t<div class=\"elementor-element elementor-element-2f639d1 elementor-widget elementor-widget-heading\" data-id=\"2f639d1\" data-element_type=\"widget\" data-e-type=\"widget\" data-widget_type=\"heading.default\">\n\t\t\t\t<div class=\"elementor-widget-container\">\n\t\t\t\t\t<h5 class=\"elementor-heading-title elementor-size-default\">Incentivem<\/h5>\t\t\t\t<\/div>\n\t\t\t\t<\/div>\n\t\t\t\t<div class=\"elementor-element elementor-element-34cb63a elementor-widget elementor-widget-text-editor\" data-id=\"34cb63a\" data-element_type=\"widget\" data-e-type=\"widget\" data-widget_type=\"text-editor.default\">\n\t\t\t\t<div class=\"elementor-widget-container\">\n\t\t\t\t\t\t\t\t\tEn la cadena de subministrament la col\u00b7laboraci\u00f3 amb prove\u00efdors locals, responsables i la utilitzaci\u00f3 d&#8217;aliments de temporada. Aix\u00f2 no nom\u00e9s reduir\u00e0 els costos de transport i la petjada de carboni de les operacions, sin\u00f3 que tamb\u00e9 garantir\u00e0 que els aliments siguin m\u00e9s frescos i saludables.\t\t\t\t\t\t\t\t<\/div>\n\t\t\t\t<\/div>\n\t\t\t\t\t<\/div>\n\t\t<\/div>\n\t\t\t\t<div class=\"elementor-column elementor-col-33 elementor-top-column elementor-element elementor-element-af4db36\" data-id=\"af4db36\" data-element_type=\"column\" data-e-type=\"column\">\n\t\t\t<div class=\"elementor-widget-wrap elementor-element-populated\">\n\t\t\t\t\t\t<div class=\"elementor-element elementor-element-6afcc5e elementor-widget elementor-widget-heading\" data-id=\"6afcc5e\" data-element_type=\"widget\" data-e-type=\"widget\" data-widget_type=\"heading.default\">\n\t\t\t\t<div class=\"elementor-widget-container\">\n\t\t\t\t\t<h5 class=\"elementor-heading-title elementor-size-default\">Recolzem<\/h5>\t\t\t\t<\/div>\n\t\t\t\t<\/div>\n\t\t\t\t<div class=\"elementor-element elementor-element-fa4c867 elementor-widget elementor-widget-text-editor\" data-id=\"fa4c867\" data-element_type=\"widget\" data-e-type=\"widget\" data-widget_type=\"text-editor.default\">\n\t\t\t\t<div class=\"elementor-widget-container\">\n\t\t\t\t\t\t\t\t\tLa implementaci\u00f3 els est\u00e0ndards de qualitat \u00e8tica i moral en la productivitat i el comprom\u00eds amb pr\u00e0ctiques comercials transparents, justes i socialment responsables.\t\t\t\t\t\t\t\t<\/div>\n\t\t\t\t<\/div>\n\t\t\t\t\t<\/div>\n\t\t<\/div>\n\t\t\t\t\t<\/div>\n\t\t<\/section>\n\t\t\t\t<section class=\"elementor-section elementor-top-section elementor-element elementor-element-5def127 elementor-section-boxed elementor-section-height-default elementor-section-height-default\" data-id=\"5def127\" data-element_type=\"section\" data-e-type=\"section\">\n\t\t\t\t\t\t<div class=\"elementor-container elementor-column-gap-wider\">\n\t\t\t\t\t<div class=\"elementor-column elementor-col-50 elementor-top-column elementor-element elementor-element-7064543\" data-id=\"7064543\" data-element_type=\"column\" data-e-type=\"column\" data-settings=\"{&quot;motion_fx_motion_fx_scrolling&quot;:&quot;yes&quot;,&quot;motion_fx_translateY_effect&quot;:&quot;yes&quot;,&quot;motion_fx_translateY_speed&quot;:{&quot;unit&quot;:&quot;px&quot;,&quot;size&quot;:2.4,&quot;sizes&quot;:[]},&quot;motion_fx_devices&quot;:[&quot;desktop&quot;],&quot;motion_fx_translateY_affectedRange&quot;:{&quot;unit&quot;:&quot;%&quot;,&quot;size&quot;:&quot;&quot;,&quot;sizes&quot;:{&quot;start&quot;:0,&quot;end&quot;:100}}}\">\n\t\t\t<div class=\"elementor-widget-wrap elementor-element-populated\">\n\t\t\t\t\t\t<div class=\"elementor-element elementor-element-595390e elementor-widget elementor-widget-image\" data-id=\"595390e\" data-element_type=\"widget\" data-e-type=\"widget\" data-widget_type=\"image.default\">\n\t\t\t\t<div class=\"elementor-widget-container\">\n\t\t\t\t\t\t\t\t\t\t\t\t\t\t\t<img fetchpriority=\"high\" decoding=\"async\" width=\"600\" height=\"800\" src=\"https:\/\/www.gaucatering.com\/wp-content\/uploads\/2024\/01\/GAU-Catering-Responsable-Sostenible-Catalunya-img02.jpg\" class=\"attachment-large size-large wp-image-46565\" alt=\"\" \/>\t\t\t\t\t\t\t\t\t\t\t\t\t\t\t<\/div>\n\t\t\t\t<\/div>\n\t\t\t\t\t<\/div>\n\t\t<\/div>\n\t\t\t\t<div class=\"elementor-column elementor-col-50 elementor-top-column elementor-element elementor-element-01dd4a5\" data-id=\"01dd4a5\" data-element_type=\"column\" data-e-type=\"column\">\n\t\t\t<div class=\"elementor-widget-wrap elementor-element-populated\">\n\t\t\t\t\t\t<div class=\"elementor-element elementor-element-50973a1 elementor-widget elementor-widget-heading\" data-id=\"50973a1\" data-element_type=\"widget\" data-e-type=\"widget\" data-widget_type=\"heading.default\">\n\t\t\t\t<div class=\"elementor-widget-container\">\n\t\t\t\t\t<h4 class=\"elementor-heading-title elementor-size-default\">Sostenibilitat<\/h4>\t\t\t\t<\/div>\n\t\t\t\t<\/div>\n\t\t\t\t<div class=\"elementor-element elementor-element-1c62b59 elementor-widget-divider--view-line elementor-widget elementor-widget-divider\" data-id=\"1c62b59\" data-element_type=\"widget\" data-e-type=\"widget\" data-widget_type=\"divider.default\">\n\t\t\t\t<div class=\"elementor-widget-container\">\n\t\t\t\t\t\t\t<div class=\"elementor-divider\">\n\t\t\t<span class=\"elementor-divider-separator\">\n\t\t\t\t\t\t<\/span>\n\t\t<\/div>\n\t\t\t\t\t\t<\/div>\n\t\t\t\t<\/div>\n\t\t\t\t<div class=\"elementor-element elementor-element-03c5818 elementor-widget__width-initial elementor-widget-tablet__width-initial elementor-widget elementor-widget-heading\" data-id=\"03c5818\" data-element_type=\"widget\" data-e-type=\"widget\" data-widget_type=\"heading.default\">\n\t\t\t\t<div class=\"elementor-widget-container\">\n\t\t\t\t\t<h3 class=\"elementor-heading-title elementor-size-default\">Les nostres instal\u00b7lacions son ara m\u00e9s sostenibles i m\u00e9s verdes<\/h3>\t\t\t\t<\/div>\n\t\t\t\t<\/div>\n\t\t\t\t<div class=\"elementor-element elementor-element-0ac5642 elementor-widget-tablet__width-inherit elementor-widget elementor-widget-text-editor\" data-id=\"0ac5642\" data-element_type=\"widget\" data-e-type=\"widget\" data-widget_type=\"text-editor.default\">\n\t\t\t\t<div class=\"elementor-widget-container\">\n\t\t\t\t\t\t\t\t\t<p>Les noves instal\u00b7lacions de GAU C\u00e0tering s&#8217;han dissenyat mitjan\u00e7ant un<b> model de restauraci\u00f3 &#8220;Zero Waste\u201d (Zero Residus) i &#8220;Low Carbon\u201d (Baixes Emissions de Carboni),<\/b> demostrant un comprom\u00eds s\u00f2lid amb la sostenibilitat en tota la cadena de subministrament i operacions de l&#8217;empresa.<\/p>\t\t\t\t\t\t\t\t<\/div>\n\t\t\t\t<\/div>\n\t\t\t\t<div class=\"elementor-element elementor-element-1bb73a2 elementor-align-left elementor-widget__width-initial hover-underline-animation elementor-tablet-align-left elementor-widget elementor-widget-button\" data-id=\"1bb73a2\" data-element_type=\"widget\" data-e-type=\"widget\" data-widget_type=\"button.default\">\n\t\t\t\t<div class=\"elementor-widget-container\">\n\t\t\t\t\t\t\t\t\t<div class=\"elementor-button-wrapper\">\n\t\t\t\t\t<a class=\"elementor-button elementor-button-link elementor-size-sm\" href=\"https:\/\/www.gaucatering.com\/ca\/les-nostres-instal%c2%b7lacions-mes-sostenibles-mes-verdes-2\/\">\n\t\t\t\t\t\t<span class=\"elementor-button-content-wrapper\">\n\t\t\t\t\t\t\t\t\t<span class=\"elementor-button-text\">Aix\u00ed s\u00f3n les nostres instal\u00b7lacions ecoeficients<\/span>\n\t\t\t\t\t<\/span>\n\t\t\t\t\t<\/a>\n\t\t\t\t<\/div>\n\t\t\t\t\t\t\t\t<\/div>\n\t\t\t\t<\/div>\n\t\t\t\t<div class=\"elementor-element elementor-element-8104d9a elementor-widget elementor-widget-spacer\" data-id=\"8104d9a\" data-element_type=\"widget\" data-e-type=\"widget\" data-widget_type=\"spacer.default\">\n\t\t\t\t<div class=\"elementor-widget-container\">\n\t\t\t\t\t\t\t<div class=\"elementor-spacer\">\n\t\t\t<div class=\"elementor-spacer-inner\"><\/div>\n\t\t<\/div>\n\t\t\t\t\t\t<\/div>\n\t\t\t\t<\/div>\n\t\t\t\t\t<\/div>\n\t\t<\/div>\n\t\t\t\t\t<\/div>\n\t\t<\/section>\n\t\t\t\t<section class=\"elementor-section elementor-top-section elementor-element elementor-element-906df3e elementor-section-boxed elementor-section-height-default elementor-section-height-default\" data-id=\"906df3e\" data-element_type=\"section\" data-e-type=\"section\">\n\t\t\t\t\t\t<div class=\"elementor-container elementor-column-gap-default\">\n\t\t\t\t\t<div class=\"elementor-column elementor-col-100 elementor-top-column elementor-element elementor-element-4798484\" data-id=\"4798484\" data-element_type=\"column\" data-e-type=\"column\">\n\t\t\t<div class=\"elementor-widget-wrap elementor-element-populated\">\n\t\t\t\t\t\t<div class=\"elementor-element elementor-element-4b4330c elementor-widget elementor-widget-spacer\" data-id=\"4b4330c\" data-element_type=\"widget\" data-e-type=\"widget\" data-widget_type=\"spacer.default\">\n\t\t\t\t<div class=\"elementor-widget-container\">\n\t\t\t\t\t\t\t<div class=\"elementor-spacer\">\n\t\t\t<div class=\"elementor-spacer-inner\"><\/div>\n\t\t<\/div>\n\t\t\t\t\t\t<\/div>\n\t\t\t\t<\/div>\n\t\t\t\t\t<\/div>\n\t\t<\/div>\n\t\t\t\t\t<\/div>\n\t\t<\/section>\n\t\t\t\t<section class=\"elementor-section elementor-top-section elementor-element elementor-element-b09e225 elementor-section-boxed elementor-section-height-default elementor-section-height-default\" data-id=\"b09e225\" data-element_type=\"section\" data-e-type=\"section\">\n\t\t\t\t\t\t<div class=\"elementor-container elementor-column-gap-default\">\n\t\t\t\t\t<div class=\"elementor-column elementor-col-100 elementor-top-column elementor-element elementor-element-31ea1de\" data-id=\"31ea1de\" data-element_type=\"column\" data-e-type=\"column\">\n\t\t\t<div class=\"elementor-widget-wrap elementor-element-populated\">\n\t\t\t\t\t\t<div class=\"elementor-element elementor-element-5188b0b elementor-widget__width-initial elementor-widget elementor-widget-heading\" data-id=\"5188b0b\" data-element_type=\"widget\" data-e-type=\"widget\" data-widget_type=\"heading.default\">\n\t\t\t\t<div class=\"elementor-widget-container\">\n\t\t\t\t\t<h2 class=\"elementor-heading-title elementor-size-default\">Smart Catering: Innovaci\u00f3 i Sostenibilitat \u2013 SCIS<\/h2>\t\t\t\t<\/div>\n\t\t\t\t<\/div>\n\t\t\t\t\t<\/div>\n\t\t<\/div>\n\t\t\t\t\t<\/div>\n\t\t<\/section>\n\t\t\t\t<section class=\"elementor-section elementor-top-section elementor-element elementor-element-67d9e11 elementor-section-boxed elementor-section-height-default elementor-section-height-default\" data-id=\"67d9e11\" data-element_type=\"section\" data-e-type=\"section\">\n\t\t\t\t\t\t<div class=\"elementor-container elementor-column-gap-default\">\n\t\t\t\t\t<div class=\"elementor-column elementor-col-100 elementor-top-column elementor-element elementor-element-5c97f93\" data-id=\"5c97f93\" data-element_type=\"column\" data-e-type=\"column\">\n\t\t\t<div class=\"elementor-widget-wrap elementor-element-populated\">\n\t\t\t\t\t\t<div class=\"elementor-element elementor-element-10ca368 elementor-widget elementor-widget-image\" data-id=\"10ca368\" data-element_type=\"widget\" data-e-type=\"widget\" data-widget_type=\"image.default\">\n\t\t\t\t<div class=\"elementor-widget-container\">\n\t\t\t\t\t\t\t\t\t\t\t\t\t\t\t<img decoding=\"async\" width=\"1440\" height=\"350\" src=\"https:\/\/www.gaucatering.com\/wp-content\/uploads\/2026\/01\/Disseny-sense-titol.png\" class=\"attachment-full size-full wp-image-49169\" alt=\"\" srcset=\"https:\/\/www.gaucatering.com\/wp-content\/uploads\/2026\/01\/Disseny-sense-titol.png 1440w, https:\/\/www.gaucatering.com\/wp-content\/uploads\/2026\/01\/Disseny-sense-titol-768x187.png 768w\" sizes=\"(max-width: 1440px) 100vw, 1440px\" \/>\t\t\t\t\t\t\t\t\t\t\t\t\t\t\t<\/div>\n\t\t\t\t<\/div>\n\t\t\t\t\t<\/div>\n\t\t<\/div>\n\t\t\t\t\t<\/div>\n\t\t<\/section>\n\t\t\t\t<section class=\"elementor-section elementor-top-section elementor-element elementor-element-8ca52ef elementor-section-boxed elementor-section-height-default elementor-section-height-default\" data-id=\"8ca52ef\" data-element_type=\"section\" data-e-type=\"section\">\n\t\t\t\t\t\t<div class=\"elementor-container elementor-column-gap-default\">\n\t\t\t\t\t<div class=\"elementor-column elementor-col-100 elementor-top-column elementor-element elementor-element-64a7339\" data-id=\"64a7339\" data-element_type=\"column\" data-e-type=\"column\">\n\t\t\t<div class=\"elementor-widget-wrap elementor-element-populated\">\n\t\t\t\t\t\t<div class=\"elementor-element elementor-element-90e8b7b elementor-widget elementor-widget-text-editor\" data-id=\"90e8b7b\" data-element_type=\"widget\" data-e-type=\"widget\" data-widget_type=\"text-editor.default\">\n\t\t\t\t<div class=\"elementor-widget-container\">\n\t\t\t\t\t\t\t\t\t<p data-start=\"58\" data-end=\"236\">GAU Catering va dur a terme el projecte <strong data-start=\"98\" data-end=\"153\">\u201cSmart Catering: Innovaci\u00f3 i Sostenibilitat \u2013 SCIS\u201d<\/strong> \u2013 Exp. DUM-030000-2023-322, finan\u00e7at per la <strong data-start=\"198\" data-end=\"235\">Uni\u00f3 Europea \u2013 Next Generation EU<\/strong>.<\/p><p data-start=\"238\" data-end=\"504\">En la convocat\u00f2ria d\u2019ajuts per a <strong>projectes de digitalitzaci\u00f3 de \u201cdarrera milla\u201d en empreses tur\u00edstiques 2023<\/strong> (L\u00ednia 3), GAU Catering SL va ser benefici\u00e0ria d\u2019aquesta l\u00ednia d\u2019ajuts concedits pel <strong data-start=\"436\" data-end=\"503\">Ministeri d\u2019Ind\u00fastria i Turisme \u2013 Secretaria d\u2019Estat de Turisme<\/strong>.<\/p><p data-start=\"506\" data-end=\"856\">La motivaci\u00f3 de GAU Catering per emprendre el projecte <strong data-start=\"561\" data-end=\"581\">\u201cSmart Catering\u201d<\/strong> sorgeix de la necessitat d\u2019afrontar reptes espec\u00edfics del sector, com ara la digitalitzaci\u00f3 insuficient i la generaci\u00f3 de residus, mitjan\u00e7ant l\u2019adopci\u00f3 d\u2019un enfocament integrat que combina tecnologia avan\u00e7ada i sostenibilitat, impulsant la competitivitat i la transpar\u00e8ncia.<\/p><p data-start=\"858\" data-end=\"1345\">El projecte <strong>Smart Catering<\/strong>, impulsat per <strong data-start=\"899\" data-end=\"918\">GAU CATERING SL<\/strong>, est\u00e0 posicionat per catalitzar canvis transformadors en el sector tur\u00edstic, aprofitant la digitalitzaci\u00f3 i la sostenibilitat per establir un nou paradigma de servei en el c\u00e0tering. Aquest enfocament multifac\u00e8tic beneficia no nom\u00e9s el sector tur\u00edstic, sin\u00f3 que tamb\u00e9 propicia aven\u00e7os significatius en les dimensions tecnol\u00f2gica, socioecon\u00f2mica i mediambiental, beneficiant l\u2019empresa, els seus clients i la societat en general.<\/p>\t\t\t\t\t\t\t\t<\/div>\n\t\t\t\t<\/div>\n\t\t\t\t\t<\/div>\n\t\t<\/div>\n\t\t\t\t\t<\/div>\n\t\t<\/section>\n\t\t\t\t<\/div>\n\t\t","protected":false},"excerpt":{"rendered":"<p>C\u00e0tering responsable A GAU C\u00e0tering reconeixem i assumim la responsabilitat del nostre impacte social, econ\u00f2mic i ambiental. L&#8217;adopci\u00f3 d&#8217;est\u00e0ndards \u00e8tics i morals en la productivitat \u00e9s essencial per a garantir que l&#8217;empresa no nom\u00e9s aconsegueixi els seus objectius comercials, sin\u00f3 que tamb\u00e9 contribueixi positivament al seu entorn. Algunes de les accions que GAU C\u00e0tering incorpora [&hellip;]<\/p>\n","protected":false},"author":1,"featured_media":45053,"parent":0,"menu_order":0,"comment_status":"closed","ping_status":"closed","template":"elementor_header_footer","meta":{"footnotes":""},"class_list":["post-45421","page","type-page","status-publish","has-post-thumbnail","hentry"],"yoast_head":"<!-- This site is optimized with the Yoast SEO plugin v27.4 - https:\/\/yoast.com\/product\/yoast-seo-wordpress\/ -->\n<title>C\u00e0tering responsable i sostenible<\/title>\n<meta name=\"description\" content=\"A GAU Catering som conscients de l\u201fimpacte social, econ\u00f2mic i ambiental del nostre entorn, per aix\u00f2 els nostres serveis s\u00f3n sostenibles i \u00e8tics.\" \/>\n<meta name=\"robots\" content=\"index, follow, max-snippet:-1, max-image-preview:large, max-video-preview:-1\" \/>\n<link rel=\"canonical\" href=\"https:\/\/www.gaucatering.com\/ca\/catering-responsable-cat\/\" \/>\n<meta property=\"og:locale\" content=\"ca_ES\" \/>\n<meta property=\"og:type\" content=\"article\" \/>\n<meta property=\"og:title\" content=\"C\u00e0tering responsable i sostenible\" \/>\n<meta property=\"og:description\" content=\"A GAU Catering som conscients de l\u201fimpacte social, econ\u00f2mic i ambiental del nostre entorn, per aix\u00f2 els nostres serveis s\u00f3n sostenibles i \u00e8tics.\" \/>\n<meta property=\"og:url\" content=\"https:\/\/www.gaucatering.com\/ca\/catering-responsable-cat\/\" \/>\n<meta property=\"og:site_name\" content=\"Catering sostenible de calidad en Barcelona\" \/>\n<meta property=\"article:publisher\" content=\"https:\/\/www.facebook.com\/GAU-Catering-44876256866\/\" \/>\n<meta property=\"article:modified_time\" content=\"2026-01-15T14:54:29+00:00\" \/>\n<meta property=\"og:image\" content=\"https:\/\/www.gaucatering.com\/wp-content\/uploads\/2023\/08\/GettyImages-641126416.jpg\" \/>\n\t<meta property=\"og:image:width\" content=\"1000\" \/>\n\t<meta property=\"og:image:height\" content=\"667\" \/>\n\t<meta property=\"og:image:type\" content=\"image\/jpeg\" \/>\n<meta name=\"twitter:card\" content=\"summary_large_image\" \/>\n<meta name=\"twitter:site\" content=\"@GAUCatering\" \/>\n<meta name=\"twitter:label1\" content=\"Temps estimat de lectura\" \/>\n\t<meta name=\"twitter:data1\" content=\"3 minuts\" \/>\n<script type=\"application\/ld+json\" class=\"yoast-schema-graph\">{\"@context\":\"https:\\\/\\\/schema.org\",\"@graph\":[{\"@type\":\"WebPage\",\"@id\":\"https:\\\/\\\/www.gaucatering.com\\\/ca\\\/catering-responsable-cat\\\/\",\"url\":\"https:\\\/\\\/www.gaucatering.com\\\/ca\\\/catering-responsable-cat\\\/\",\"name\":\"C\u00e0tering responsable i sostenible\",\"isPartOf\":{\"@id\":\"https:\\\/\\\/www.gaucatering.com\\\/#website\"},\"primaryImageOfPage\":{\"@id\":\"https:\\\/\\\/www.gaucatering.com\\\/ca\\\/catering-responsable-cat\\\/#primaryimage\"},\"image\":{\"@id\":\"https:\\\/\\\/www.gaucatering.com\\\/ca\\\/catering-responsable-cat\\\/#primaryimage\"},\"thumbnailUrl\":\"https:\\\/\\\/www.gaucatering.com\\\/wp-content\\\/uploads\\\/2023\\\/08\\\/GettyImages-641126416.jpg\",\"datePublished\":\"2023-08-03T10:04:22+00:00\",\"dateModified\":\"2026-01-15T14:54:29+00:00\",\"description\":\"A GAU Catering som conscients de l\u201fimpacte social, econ\u00f2mic i ambiental del nostre entorn, per aix\u00f2 els nostres serveis s\u00f3n sostenibles i \u00e8tics.\",\"breadcrumb\":{\"@id\":\"https:\\\/\\\/www.gaucatering.com\\\/ca\\\/catering-responsable-cat\\\/#breadcrumb\"},\"inLanguage\":\"ca\",\"potentialAction\":[{\"@type\":\"ReadAction\",\"target\":[\"https:\\\/\\\/www.gaucatering.com\\\/ca\\\/catering-responsable-cat\\\/\"]}]},{\"@type\":\"ImageObject\",\"inLanguage\":\"ca\",\"@id\":\"https:\\\/\\\/www.gaucatering.com\\\/ca\\\/catering-responsable-cat\\\/#primaryimage\",\"url\":\"https:\\\/\\\/www.gaucatering.com\\\/wp-content\\\/uploads\\\/2023\\\/08\\\/GettyImages-641126416.jpg\",\"contentUrl\":\"https:\\\/\\\/www.gaucatering.com\\\/wp-content\\\/uploads\\\/2023\\\/08\\\/GettyImages-641126416.jpg\",\"width\":1000,\"height\":667,\"caption\":\"GAU catering responsable\"},{\"@type\":\"BreadcrumbList\",\"@id\":\"https:\\\/\\\/www.gaucatering.com\\\/ca\\\/catering-responsable-cat\\\/#breadcrumb\",\"itemListElement\":[{\"@type\":\"ListItem\",\"position\":1,\"name\":\"Portada\",\"item\":\"https:\\\/\\\/www.gaucatering.com\\\/ca\\\/\"},{\"@type\":\"ListItem\",\"position\":2,\"name\":\"C\u00e0tering responsable\"}]},{\"@type\":\"WebSite\",\"@id\":\"https:\\\/\\\/www.gaucatering.com\\\/#website\",\"url\":\"https:\\\/\\\/www.gaucatering.com\\\/\",\"name\":\"Catering sostenible de calidad en Barcelona\",\"description\":\"Creemos en el poder de la gastronom\u00eda para crear recuerdos. Pasi\u00f3n, trabajo bien hecho y compromiso medioambiental y social. Catering para bodas y empresas \u260e\ufe0f\",\"publisher\":{\"@id\":\"https:\\\/\\\/www.gaucatering.com\\\/#organization\"},\"potentialAction\":[{\"@type\":\"SearchAction\",\"target\":{\"@type\":\"EntryPoint\",\"urlTemplate\":\"https:\\\/\\\/www.gaucatering.com\\\/?s={search_term_string}\"},\"query-input\":{\"@type\":\"PropertyValueSpecification\",\"valueRequired\":true,\"valueName\":\"search_term_string\"}}],\"inLanguage\":\"ca\"},{\"@type\":\"Organization\",\"@id\":\"https:\\\/\\\/www.gaucatering.com\\\/#organization\",\"name\":\"GAU CATERING\",\"url\":\"https:\\\/\\\/www.gaucatering.com\\\/\",\"logo\":{\"@type\":\"ImageObject\",\"inLanguage\":\"ca\",\"@id\":\"https:\\\/\\\/www.gaucatering.com\\\/#\\\/schema\\\/logo\\\/image\\\/\",\"url\":\"https:\\\/\\\/www.gaucatering.com\\\/wp-content\\\/uploads\\\/2019\\\/11\\\/logo-gau-v2.png\",\"contentUrl\":\"https:\\\/\\\/www.gaucatering.com\\\/wp-content\\\/uploads\\\/2019\\\/11\\\/logo-gau-v2.png\",\"width\":100,\"height\":60,\"caption\":\"GAU CATERING\"},\"image\":{\"@id\":\"https:\\\/\\\/www.gaucatering.com\\\/#\\\/schema\\\/logo\\\/image\\\/\"},\"sameAs\":[\"https:\\\/\\\/www.facebook.com\\\/GAU-Catering-44876256866\\\/\",\"https:\\\/\\\/x.com\\\/GAUCatering\",\"https:\\\/\\\/www.instagram.com\\\/gaucatering\\\/\",\"https:\\\/\\\/www.linkedin.com\\\/company\\\/gau-catering\\\/\"]}]}<\/script>\n<!-- \/ Yoast SEO plugin. -->","yoast_head_json":{"title":"C\u00e0tering responsable i sostenible","description":"A GAU Catering som conscients de l\u201fimpacte social, econ\u00f2mic i ambiental del nostre entorn, per aix\u00f2 els nostres serveis s\u00f3n sostenibles i \u00e8tics.","robots":{"index":"index","follow":"follow","max-snippet":"max-snippet:-1","max-image-preview":"max-image-preview:large","max-video-preview":"max-video-preview:-1"},"canonical":"https:\/\/www.gaucatering.com\/ca\/catering-responsable-cat\/","og_locale":"ca_ES","og_type":"article","og_title":"C\u00e0tering responsable i sostenible","og_description":"A GAU Catering som conscients de l\u201fimpacte social, econ\u00f2mic i ambiental del nostre entorn, per aix\u00f2 els nostres serveis s\u00f3n sostenibles i \u00e8tics.","og_url":"https:\/\/www.gaucatering.com\/ca\/catering-responsable-cat\/","og_site_name":"Catering sostenible de calidad en Barcelona","article_publisher":"https:\/\/www.facebook.com\/GAU-Catering-44876256866\/","article_modified_time":"2026-01-15T14:54:29+00:00","og_image":[{"width":1000,"height":667,"url":"https:\/\/www.gaucatering.com\/wp-content\/uploads\/2023\/08\/GettyImages-641126416.jpg","type":"image\/jpeg"}],"twitter_card":"summary_large_image","twitter_site":"@GAUCatering","twitter_misc":{"Temps estimat de lectura":"3 minuts"},"schema":{"@context":"https:\/\/schema.org","@graph":[{"@type":"WebPage","@id":"https:\/\/www.gaucatering.com\/ca\/catering-responsable-cat\/","url":"https:\/\/www.gaucatering.com\/ca\/catering-responsable-cat\/","name":"C\u00e0tering responsable i sostenible","isPartOf":{"@id":"https:\/\/www.gaucatering.com\/#website"},"primaryImageOfPage":{"@id":"https:\/\/www.gaucatering.com\/ca\/catering-responsable-cat\/#primaryimage"},"image":{"@id":"https:\/\/www.gaucatering.com\/ca\/catering-responsable-cat\/#primaryimage"},"thumbnailUrl":"https:\/\/www.gaucatering.com\/wp-content\/uploads\/2023\/08\/GettyImages-641126416.jpg","datePublished":"2023-08-03T10:04:22+00:00","dateModified":"2026-01-15T14:54:29+00:00","description":"A GAU Catering som conscients de l\u201fimpacte social, econ\u00f2mic i ambiental del nostre entorn, per aix\u00f2 els nostres serveis s\u00f3n sostenibles i \u00e8tics.","breadcrumb":{"@id":"https:\/\/www.gaucatering.com\/ca\/catering-responsable-cat\/#breadcrumb"},"inLanguage":"ca","potentialAction":[{"@type":"ReadAction","target":["https:\/\/www.gaucatering.com\/ca\/catering-responsable-cat\/"]}]},{"@type":"ImageObject","inLanguage":"ca","@id":"https:\/\/www.gaucatering.com\/ca\/catering-responsable-cat\/#primaryimage","url":"https:\/\/www.gaucatering.com\/wp-content\/uploads\/2023\/08\/GettyImages-641126416.jpg","contentUrl":"https:\/\/www.gaucatering.com\/wp-content\/uploads\/2023\/08\/GettyImages-641126416.jpg","width":1000,"height":667,"caption":"GAU catering responsable"},{"@type":"BreadcrumbList","@id":"https:\/\/www.gaucatering.com\/ca\/catering-responsable-cat\/#breadcrumb","itemListElement":[{"@type":"ListItem","position":1,"name":"Portada","item":"https:\/\/www.gaucatering.com\/ca\/"},{"@type":"ListItem","position":2,"name":"C\u00e0tering responsable"}]},{"@type":"WebSite","@id":"https:\/\/www.gaucatering.com\/#website","url":"https:\/\/www.gaucatering.com\/","name":"Catering sostenible de calidad en Barcelona","description":"Creemos en el poder de la gastronom\u00eda para crear recuerdos. Pasi\u00f3n, trabajo bien hecho y compromiso medioambiental y social. Catering para bodas y empresas \u260e\ufe0f","publisher":{"@id":"https:\/\/www.gaucatering.com\/#organization"},"potentialAction":[{"@type":"SearchAction","target":{"@type":"EntryPoint","urlTemplate":"https:\/\/www.gaucatering.com\/?s={search_term_string}"},"query-input":{"@type":"PropertyValueSpecification","valueRequired":true,"valueName":"search_term_string"}}],"inLanguage":"ca"},{"@type":"Organization","@id":"https:\/\/www.gaucatering.com\/#organization","name":"GAU CATERING","url":"https:\/\/www.gaucatering.com\/","logo":{"@type":"ImageObject","inLanguage":"ca","@id":"https:\/\/www.gaucatering.com\/#\/schema\/logo\/image\/","url":"https:\/\/www.gaucatering.com\/wp-content\/uploads\/2019\/11\/logo-gau-v2.png","contentUrl":"https:\/\/www.gaucatering.com\/wp-content\/uploads\/2019\/11\/logo-gau-v2.png","width":100,"height":60,"caption":"GAU CATERING"},"image":{"@id":"https:\/\/www.gaucatering.com\/#\/schema\/logo\/image\/"},"sameAs":["https:\/\/www.facebook.com\/GAU-Catering-44876256866\/","https:\/\/x.com\/GAUCatering","https:\/\/www.instagram.com\/gaucatering\/","https:\/\/www.linkedin.com\/company\/gau-catering\/"]}]}},"_links":{"self":[{"href":"https:\/\/www.gaucatering.com\/ca\/wp-json\/wp\/v2\/pages\/45421","targetHints":{"allow":["GET"]}}],"collection":[{"href":"https:\/\/www.gaucatering.com\/ca\/wp-json\/wp\/v2\/pages"}],"about":[{"href":"https:\/\/www.gaucatering.com\/ca\/wp-json\/wp\/v2\/types\/page"}],"author":[{"embeddable":true,"href":"https:\/\/www.gaucatering.com\/ca\/wp-json\/wp\/v2\/users\/1"}],"replies":[{"embeddable":true,"href":"https:\/\/www.gaucatering.com\/ca\/wp-json\/wp\/v2\/comments?post=45421"}],"version-history":[{"count":17,"href":"https:\/\/www.gaucatering.com\/ca\/wp-json\/wp\/v2\/pages\/45421\/revisions"}],"predecessor-version":[{"id":49200,"href":"https:\/\/www.gaucatering.com\/ca\/wp-json\/wp\/v2\/pages\/45421\/revisions\/49200"}],"wp:featuredmedia":[{"embeddable":true,"href":"https:\/\/www.gaucatering.com\/ca\/wp-json\/wp\/v2\/media\/45053"}],"wp:attachment":[{"href":"https:\/\/www.gaucatering.com\/ca\/wp-json\/wp\/v2\/media?parent=45421"}],"curies":[{"name":"wp","href":"https:\/\/api.w.org\/{rel}","templated":true}]}}